{"id":5640,"date":"2024-02-05T16:51:33","date_gmt":"2024-02-05T15:51:33","guid":{"rendered":"https:\/\/musee-contrefacon.com\/?page_id=5640"},"modified":"2024-06-17T14:37:49","modified_gmt":"2024-06-17T12:37:49","slug":"access-opening-time","status":"publish","type":"page","link":"https:\/\/musee-contrefacon.com\/en\/access-opening-time\/","title":{"rendered":"Access \/ Opening time"},"content":{"rendered":"\r\n\r\n<section class=\"b-hero-sm bg-c1\" id='b04db3596494ec23eabcce41a927903c'>\r\n\t<div class=\"o-ctn\">\r\n\t\t<div class=\"b-hero-sm_wrp u-py5\">\r\n\t\t\t<header class=\"b-hero-sm_head\">\r\n\t\t\t\t<h1 class=\"b-hero-sm_ttl\" data-scroll data-scroll-repeat data-scroll-class=\"u-fade-up-1\" class=\"b-hero-sm_ttl\" data-scroll data-scroll-repeat data-scroll-class=\"u-fade-up-1\" id=\"access-opening-times\">Access &#038; Opening times<\/h1>\r\n\t\t\t\t<p class=\"b-hero-sm_subttl\" data-scroll data-scroll-repeat data-scroll-class=\"u-fade-up-2\">Organize your visit at the museum!<\/p>\t\t\t<\/header>\r\n\t\t<\/div>\r\n\t<\/div>\r\n\t<\/section>\r\n<section class=\"b-breadcrumb\" data-scroll data-scroll-repeat data-scroll-class=\"u-fade\">\r\n\t<div class=\"o-ctn\"><ul class=\"g-crumb\"><\/span><li class='g-crumb_item'><a class=\"g-crumb_link\" href=\"https:\/\/musee-contrefacon.com\/en\/accueil\/\" >Accueil<\/a><\/li><\/span><\/ul><\/div>\r\n<\/section>\r\n\r\n\n\n\r\n\r\n<section class=\"b-text-media-md tpl-t2 bg-cw\" id='fe05219765b7d512127402d795316a9e'>\r\n\t<div class='o-ctn' data-scroll data-scroll-repeat data-scroll-class=\"u-fade\">\r\n\t\t<div class=\"row g-0 u-py5\">\r\n\r\n\t\t\r\n\t\t\t<div class=\"col-lg-6\" data-scroll data-scroll-repeat data-scroll-class=\"u-fade-right\">\r\n\r\n\t\t\t\t<div class=\"b-text-media-md__container\">\r\n\t\t\t\t\t\r\n\t\t\t\t\t\r\n\t\t\t\t\t<div class=\"b-text-media-md_swiper swiper\" >\r\n\t\t\t\t\t\t<div class=\"b-text-media-md_medias swiper-wrapper\">\r\n\t\t\t\t\t\t\t\t\t\t\t\t\t\t\t<div class=\"swiper-slide\">\r\n\t\t\t\t\t\t\t\t\t<figure class=\"b-text-media-md_figure rt-4x3 rt-full\">\r\n\t\t\t\t\t\t\t\t\t\t<img   decoding=\"async\" width=\"1358\" height=\"2038\" src=\"https:\/\/musee-contrefacon.com\/wp-content\/uploads\/2024\/02\/Vue-hotel-_.jpg\" class=\"b-text-media-md_med\" alt=\"\" style=\"object-fit:cover\" srcset=\"https:\/\/musee-contrefacon.com\/wp-content\/uploads\/2024\/02\/Vue-hotel-_.jpg 1358w, https:\/\/musee-contrefacon.com\/wp-content\/uploads\/2024\/02\/Vue-hotel-_-600x900.jpg 600w, https:\/\/musee-contrefacon.com\/wp-content\/uploads\/2024\/02\/Vue-hotel-_-512x768.jpg 512w, https:\/\/musee-contrefacon.com\/wp-content\/uploads\/2024\/02\/Vue-hotel-_-682x1024.jpg 682w, https:\/\/musee-contrefacon.com\/wp-content\/uploads\/2024\/02\/Vue-hotel-_-768x1153.jpg 768w, https:\/\/musee-contrefacon.com\/wp-content\/uploads\/2024\/02\/Vue-hotel-_-1023x1536.jpg 1023w\" sizes=\"auto, (max-width: 1358px) 100vw, 1358px\" \/>\t\t\t\t\t\t\t\t\t<\/figure>\r\n\t\t\t\t\t\t\t\t<\/div>\r\n\t\t\t\t\t\t\t\t\t\t\t\t\t<\/div>\r\n\t\t\t\t\t\t\t\t\t\t\t<\/div>\r\n\r\n\t\t\t\t\t\r\n\t\t\t\t<\/div>\r\n\r\n\t\t\t<\/div>\r\n\t\t\t<div class='col-lg-5' data-scroll data-scroll-repeat data-scroll-class=\"u-fade-left\">\r\n\t\t\t\t\t\t\t\t<div class=\"b-text-media-md_txt editor\"><h2 id=\"practical-information\">Practical Information<\/h2>\n<h4 id=\"\">&nbsp;<\/h4>\n<h4 id=\"opening-times\">opening times<\/h4>\n<p>Open from Monday to Friday from 10am to 5:30pm (last entry at 5pm).<\/p>\n<h4><strong><br \/>\nthe museum closes on:<\/strong><\/h4>\n<ul>\n<li>Weekends&nbsp;<\/li>\n<li>Bank holidays<\/li>\n<li>December 24 &amp; 25<\/li>\n<li>20 days of annual closing in August<\/li>\n<\/ul>\n<\/div>\r\n\t\t\t<\/div>\r\n\t\t<\/div>\r\n\t<\/div>\r\n<\/section>\r\n\r\n\n\n\r\n\r\n<section class=\"b-text-media-md tpl-t1 bg-c2\" id='897f19da92e9d7b1edcfe1ea43cae2d4'>\r\n\t<div class='o-ctn' data-scroll data-scroll-repeat data-scroll-class=\"u-fade\">\r\n\t\t<div class=\"row g-0 u-py5\">\r\n\r\n\t\t\r\n\t\t\t<div class=\"col-lg-6\" data-scroll data-scroll-repeat data-scroll-class=\"u-fade-right\">\r\n\r\n\t\t\t\t<div class=\"b-text-media-md__container\">\r\n\t\t\t\t\t\t\t\t\t\t<div class=\"b-text-media-lg_medias__animation bottom-right\" data-scroll data-scroll-delay=\"500\" data-scroll-repeat data-scroll-class=\"u-fade-right\"\r\n\t\t\t\t\t\tstyle=\"\r\n\t\t\t\t\t\t\tbackground-image: url('https:\/\/musee-contrefacon.com\/wp-content\/uploads\/2024\/03\/yeux.png');\r\n\t\t\t\t\t\t\twidth: 175px;\r\n\t\t\t\t\t\t\theight: 133px;\r\n\t\t\t\t\t\t\tright: -87.5px;\r\n\t\t\t\t\t\t\tbottom : -66.5px;\"\r\n\t\t\t\t\t>\r\n\t\t\t\t\t<\/div>\r\n\t\t\t\t\t\r\n\t\t\t\t\t\r\n\t\t\t\t\t<div class=\"b-text-media-md_swiper swiper\" >\r\n\t\t\t\t\t\t<div class=\"b-text-media-md_medias swiper-wrapper\">\r\n\t\t\t\t\t\t\t\t\t\t\t\t\t\t\t<div class=\"swiper-slide\">\r\n\t\t\t\t\t\t\t\t\t<figure class=\"b-text-media-md_figure rt-4x3 rt-full\">\r\n\t\t\t\t\t\t\t\t\t\t<img   decoding=\"async\" width=\"776\" height=\"582\" src=\"https:\/\/musee-contrefacon.com\/wp-content\/uploads\/2024\/04\/map.png\" class=\"b-text-media-md_med\" alt=\"\" style=\"object-fit:contain\" srcset=\"https:\/\/musee-contrefacon.com\/wp-content\/uploads\/2024\/04\/map.png 776w, https:\/\/musee-contrefacon.com\/wp-content\/uploads\/2024\/04\/map-768x576.png 768w, https:\/\/musee-contrefacon.com\/wp-content\/uploads\/2024\/04\/map-600x450.png 600w\" sizes=\"auto, (max-width: 776px) 100vw, 776px\" \/>\t\t\t\t\t\t\t\t\t<\/figure>\r\n\t\t\t\t\t\t\t\t<\/div>\r\n\t\t\t\t\t\t\t\t\t\t\t\t\t<\/div>\r\n\t\t\t\t\t\t\t\t\t\t\t<\/div>\r\n\r\n\t\t\t\t\t\r\n\t\t\t\t<\/div>\r\n\r\n\t\t\t<\/div>\r\n\t\t\t<div class='col-lg-5' data-scroll data-scroll-repeat data-scroll-class=\"u-fade-left\">\r\n\t\t\t\t\t\t\t\t<div class=\"b-text-media-md_txt editor\"><h2 id=\"how-to-get-to-the-museum\">how to get to the museum?&nbsp;<\/h2>\n<h4 id=\"\">&nbsp;<\/h4>\n<h4 id=\"by-public-transport\">by public transport<\/h4>\n<p><span style=\"color: #1cb6f7;\">Line 2<\/span> | Station Porte Dauphine, exit \u201cAvenue Bugeaud\u201d<\/p>\n<p><span style=\"color: #1cb6f7;\">Tramway T3b <span style=\"color: #2b2722;\">| Station Porte Dauphine<\/span><\/span><\/p>\n<p><span style=\"color: #1cb6f7;\">RER C<\/span> | Station Avenue Foch (5 minutes)<\/p>\n<p><span style=\"color: #1cb6f7;\">Bus&nbsp;52<\/span> | Stop \u201cBugeaud\u201d (5 minutes)<\/p>\n<h4 id=\"\">&nbsp;<\/h4>\n<h4 id=\"by-car-by-bicycle\">by car \/ by bicycle<\/h4>\n<p><span style=\"color: #1cb6f7;\">V\u00e9lib\u2019<\/span> | 2, bd Lannes (n\u00b016004) \/ 1, rue Crevaux (n\u00b016105) \/ 68, bd Flandrin (n\u00b016012)<\/p>\n<p><span style=\"color: #1cb6f7;\">Taxis<\/span> | 12 place Victor Hugo&nbsp; T\u00e9l: +33 (0) 1 45 53 00 11<\/p>\n<p><span style=\"color: #1cb6f7;\">Parking <\/span>| 74 avenue Victor Hugo \/ 120 avenue Victor Hugo<\/p>\n<p><a class=\"c-editor_btn btn-c1\" href=\"https:\/\/maps.app.goo.gl\/2PNjrRDpKYYZbKkCA\">Itinerary on Google Maps<\/a><\/p>\n<\/div>\r\n\t\t\t<\/div>\r\n\t\t<\/div>\r\n\t<\/div>\r\n<\/section>\r\n\r\n","protected":false},"excerpt":{"rendered":"","protected":false},"author":8,"featured_media":0,"parent":0,"menu_order":0,"comment_status":"closed","ping_status":"closed","template":"","meta":{"_acf_changed":false,"inline_featured_image":false,"footnotes":""},"class_list":["post-5640","page","type-page","status-publish","hentry"],"acf":[],"yoast_head":"<!-- This site is optimized with the Yoast SEO plugin v27.4 - https:\/\/yoast.com\/product\/yoast-seo-wordpress\/ -->\n<title>Mus\u00e9e de la contrefa\u00e7on<\/title>\n<meta name=\"robots\" content=\"index, follow, max-snippet:-1, max-image-preview:large, max-video-preview:-1\" \/>\n<link rel=\"canonical\" href=\"https:\/\/musee-contrefacon.com\/en\/access-opening-time\/\" \/>\n<meta property=\"og:locale\" content=\"en_US\" \/>\n<meta property=\"og:type\" content=\"article\" \/>\n<meta property=\"og:title\" content=\"Access \/ Opening time - Mus\u00e9e de la contrefa\u00e7on\" \/>\n<meta property=\"og:url\" content=\"https:\/\/musee-contrefacon.com\/en\/access-opening-time\/\" \/>\n<meta property=\"og:site_name\" content=\"Mus\u00e9e de la contrefa\u00e7on\" \/>\n<meta property=\"article:modified_time\" content=\"2024-06-17T12:37:49+00:00\" \/>\n<meta name=\"twitter:card\" content=\"summary_large_image\" \/>\n<script type=\"application\/ld+json\" class=\"yoast-schema-graph\">{\"@context\":\"https:\\\/\\\/schema.org\",\"@graph\":[{\"@type\":\"WebPage\",\"@id\":\"https:\\\/\\\/musee-contrefacon.com\\\/en\\\/access-opening-time\\\/\",\"url\":\"https:\\\/\\\/musee-contrefacon.com\\\/en\\\/access-opening-time\\\/\",\"name\":\"Access \\\/ Opening time - Mus\u00e9e de la contrefa\u00e7on\",\"isPartOf\":{\"@id\":\"https:\\\/\\\/musee-contrefacon.com\\\/en\\\/#website\"},\"datePublished\":\"2024-02-05T15:51:33+00:00\",\"dateModified\":\"2024-06-17T12:37:49+00:00\",\"breadcrumb\":{\"@id\":\"https:\\\/\\\/musee-contrefacon.com\\\/en\\\/access-opening-time\\\/#breadcrumb\"},\"inLanguage\":\"en-US\",\"potentialAction\":[{\"@type\":\"ReadAction\",\"target\":[\"https:\\\/\\\/musee-contrefacon.com\\\/en\\\/access-opening-time\\\/\"]}]},{\"@type\":\"BreadcrumbList\",\"@id\":\"https:\\\/\\\/musee-contrefacon.com\\\/en\\\/access-opening-time\\\/#breadcrumb\",\"itemListElement\":[{\"@type\":\"ListItem\",\"position\":1,\"name\":\"Accueil\",\"item\":\"https:\\\/\\\/musee-contrefacon.com\\\/en\\\/accueil\\\/\"},{\"@type\":\"ListItem\",\"position\":2,\"name\":\"Access \\\/ Opening time\"}]},{\"@type\":\"WebSite\",\"@id\":\"https:\\\/\\\/musee-contrefacon.com\\\/en\\\/#website\",\"url\":\"https:\\\/\\\/musee-contrefacon.com\\\/en\\\/\",\"name\":\"Mus\u00e9e de la contrefa\u00e7on\",\"description\":\"Le mus\u00e9e de l&#039;Union des Fabricants\",\"publisher\":{\"@id\":\"https:\\\/\\\/musee-contrefacon.com\\\/en\\\/#organization\"},\"potentialAction\":[{\"@type\":\"SearchAction\",\"target\":{\"@type\":\"EntryPoint\",\"urlTemplate\":\"https:\\\/\\\/musee-contrefacon.com\\\/en\\\/?s={search_term_string}\"},\"query-input\":{\"@type\":\"PropertyValueSpecification\",\"valueRequired\":true,\"valueName\":\"search_term_string\"}}],\"inLanguage\":\"en-US\"},{\"@type\":\"Organization\",\"@id\":\"https:\\\/\\\/musee-contrefacon.com\\\/en\\\/#organization\",\"name\":\"Mus\u00e9e de la contrefa\u00e7on\",\"url\":\"https:\\\/\\\/musee-contrefacon.com\\\/en\\\/\",\"logo\":{\"@type\":\"ImageObject\",\"inLanguage\":\"en-US\",\"@id\":\"https:\\\/\\\/musee-contrefacon.com\\\/en\\\/#\\\/schema\\\/logo\\\/image\\\/\",\"url\":\"https:\\\/\\\/musee-contrefacon.com\\\/wp-content\\\/uploads\\\/2023\\\/05\\\/fk_logo_full_rvb.svg\",\"contentUrl\":\"https:\\\/\\\/musee-contrefacon.com\\\/wp-content\\\/uploads\\\/2023\\\/05\\\/fk_logo_full_rvb.svg\",\"caption\":\"Mus\u00e9e de la contrefa\u00e7on\"},\"image\":{\"@id\":\"https:\\\/\\\/musee-contrefacon.com\\\/en\\\/#\\\/schema\\\/logo\\\/image\\\/\"}}]}<\/script>\n<!-- \/ Yoast SEO plugin. -->","yoast_head_json":{"title":"Mus\u00e9e de la contrefa\u00e7on","robots":{"index":"index","follow":"follow","max-snippet":"max-snippet:-1","max-image-preview":"max-image-preview:large","max-video-preview":"max-video-preview:-1"},"canonical":"https:\/\/musee-contrefacon.com\/en\/access-opening-time\/","og_locale":"en_US","og_type":"article","og_title":"Access \/ Opening time - Mus\u00e9e de la contrefa\u00e7on","og_url":"https:\/\/musee-contrefacon.com\/en\/access-opening-time\/","og_site_name":"Mus\u00e9e de la contrefa\u00e7on","article_modified_time":"2024-06-17T12:37:49+00:00","twitter_card":"summary_large_image","schema":{"@context":"https:\/\/schema.org","@graph":[{"@type":"WebPage","@id":"https:\/\/musee-contrefacon.com\/en\/access-opening-time\/","url":"https:\/\/musee-contrefacon.com\/en\/access-opening-time\/","name":"Access \/ Opening time - Mus\u00e9e de la contrefa\u00e7on","isPartOf":{"@id":"https:\/\/musee-contrefacon.com\/en\/#website"},"datePublished":"2024-02-05T15:51:33+00:00","dateModified":"2024-06-17T12:37:49+00:00","breadcrumb":{"@id":"https:\/\/musee-contrefacon.com\/en\/access-opening-time\/#breadcrumb"},"inLanguage":"en-US","potentialAction":[{"@type":"ReadAction","target":["https:\/\/musee-contrefacon.com\/en\/access-opening-time\/"]}]},{"@type":"BreadcrumbList","@id":"https:\/\/musee-contrefacon.com\/en\/access-opening-time\/#breadcrumb","itemListElement":[{"@type":"ListItem","position":1,"name":"Accueil","item":"https:\/\/musee-contrefacon.com\/en\/accueil\/"},{"@type":"ListItem","position":2,"name":"Access \/ Opening time"}]},{"@type":"WebSite","@id":"https:\/\/musee-contrefacon.com\/en\/#website","url":"https:\/\/musee-contrefacon.com\/en\/","name":"Mus\u00e9e de la contrefa\u00e7on","description":"Le mus\u00e9e de l&#039;Union des Fabricants","publisher":{"@id":"https:\/\/musee-contrefacon.com\/en\/#organization"},"potentialAction":[{"@type":"SearchAction","target":{"@type":"EntryPoint","urlTemplate":"https:\/\/musee-contrefacon.com\/en\/?s={search_term_string}"},"query-input":{"@type":"PropertyValueSpecification","valueRequired":true,"valueName":"search_term_string"}}],"inLanguage":"en-US"},{"@type":"Organization","@id":"https:\/\/musee-contrefacon.com\/en\/#organization","name":"Mus\u00e9e de la contrefa\u00e7on","url":"https:\/\/musee-contrefacon.com\/en\/","logo":{"@type":"ImageObject","inLanguage":"en-US","@id":"https:\/\/musee-contrefacon.com\/en\/#\/schema\/logo\/image\/","url":"https:\/\/musee-contrefacon.com\/wp-content\/uploads\/2023\/05\/fk_logo_full_rvb.svg","contentUrl":"https:\/\/musee-contrefacon.com\/wp-content\/uploads\/2023\/05\/fk_logo_full_rvb.svg","caption":"Mus\u00e9e de la contrefa\u00e7on"},"image":{"@id":"https:\/\/musee-contrefacon.com\/en\/#\/schema\/logo\/image\/"}}]}},"_links":{"self":[{"href":"https:\/\/musee-contrefacon.com\/en\/wp-json\/wp\/v2\/pages\/5640","targetHints":{"allow":["GET"]}}],"collection":[{"href":"https:\/\/musee-contrefacon.com\/en\/wp-json\/wp\/v2\/pages"}],"about":[{"href":"https:\/\/musee-contrefacon.com\/en\/wp-json\/wp\/v2\/types\/page"}],"author":[{"embeddable":true,"href":"https:\/\/musee-contrefacon.com\/en\/wp-json\/wp\/v2\/users\/8"}],"replies":[{"embeddable":true,"href":"https:\/\/musee-contrefacon.com\/en\/wp-json\/wp\/v2\/comments?post=5640"}],"version-history":[{"count":4,"href":"https:\/\/musee-contrefacon.com\/en\/wp-json\/wp\/v2\/pages\/5640\/revisions"}],"predecessor-version":[{"id":5790,"href":"https:\/\/musee-contrefacon.com\/en\/wp-json\/wp\/v2\/pages\/5640\/revisions\/5790"}],"wp:attachment":[{"href":"https:\/\/musee-contrefacon.com\/en\/wp-json\/wp\/v2\/media?parent=5640"}],"curies":[{"name":"wp","href":"https:\/\/api.w.org\/{rel}","templated":true}]}}